{"id":960,"date":"2019-12-08T16:44:39","date_gmt":"2019-12-08T15:44:39","guid":{"rendered":"http:\/\/prades-sur-vernazobre.fr\/?page_id=960"},"modified":"2026-03-25T10:52:09","modified_gmt":"2026-03-25T09:52:09","slug":"comptes-rendus-de-seances-du-conseil-municipal","status":"publish","type":"page","link":"http:\/\/prades-sur-vernazobre.fr\/?page_id=960","title":{"rendered":"S\u00e9ances du conseil municipal"},"content":{"rendered":"<p><strong><u>Proc\u00e8s verbaux s\u00e9ances du conseil municipal de l&rsquo;ann\u00e9e 2026<\/u><\/strong> :<\/p>\n<p><a title=\"D\u00e9lib\u00e9rations s\u00e9ance du conseil municipal\" href=\"https:\/\/prades-sur-vernazobre.fr\/wp-content\/uploads\/CR\/2026-02-12-delib.pdf\" target=\"_blank\" rel=\"noopener noreferrer\"><img decoding=\"async\" class=\"alignleft size-full wp-image-351\" src=\"https:\/\/prades-sur-vernazobre.fr\/wp-content\/uploads\/CR\/2026-02-12-delib.gif\"><\/a><\/p>\n<p>&nbsp;<\/p>\n<p>&nbsp;<\/p>\n<p>&nbsp;<\/p>\n<p><strong><u>Proc\u00e8s verbaux s\u00e9ances du conseil municipal de l&rsquo;ann\u00e9e 2025<\/u><\/strong> :<\/p>\n<p><a title=\"D\u00e9lib\u00e9rations s\u00e9ance du conseil municipal\" href=\"https:\/\/prades-sur-vernazobre.fr\/wp-content\/uploads\/CR\/2025-03-delib.pdf\" target=\"_blank\" rel=\"noopener noreferrer\"><img decoding=\"async\" class=\"alignleft size-full wp-image-351\" src=\"https:\/\/prades-sur-vernazobre.fr\/wp-content\/uploads\/CR\/2025-03-delib.gif\"><\/a> <a title=\"Proc\u00e9s verbal s\u00e9ance du conseil municipal\" href=\"https:\/\/prades-sur-vernazobre.fr\/wp-content\/uploads\/CR\/2025-03-20.pdf\" target=\"_blank\" rel=\"noopener noreferrer\"><img decoding=\"async\" class=\"alignleft size-full wp-image-351\" src=\"https:\/\/prades-sur-vernazobre.fr\/wp-content\/uploads\/CR\/2025-03-20.gif\"><\/a> <a title=\"D\u00e9lib\u00e9rations s\u00e9ance du conseil municipal\" href=\"https:\/\/prades-sur-vernazobre.fr\/wp-content\/uploads\/CR\/2025-04-10-delib.pdf\" target=\"_blank\" rel=\"noopener noreferrer\"><img decoding=\"async\" class=\"alignleft size-full wp-image-351\" src=\"https:\/\/prades-sur-vernazobre.fr\/wp-content\/uploads\/CR\/2025-04-10-delib.gif\"><\/a> <a title=\"Proc\u00e9s verbal s\u00e9ance du conseil municipal\" href=\"https:\/\/prades-sur-vernazobre.fr\/wp-content\/uploads\/CR\/2025-04.pdf\" target=\"_blank\" rel=\"noopener noreferrer\"><img decoding=\"async\" class=\"alignleft size-full wp-image-351\" src=\"https:\/\/prades-sur-vernazobre.fr\/wp-content\/uploads\/CR\/2025-04.gif\"><\/a> <a title=\"D\u00e9lib\u00e9rations s\u00e9ance du conseil municipal\" href=\"https:\/\/prades-sur-vernazobre.fr\/wp-content\/uploads\/CR\/2025-07-03-delib.pdf\" target=\"_blank\" rel=\"noopener noreferrer\"><img decoding=\"async\" class=\"alignleft size-full wp-image-351\" src=\"https:\/\/prades-sur-vernazobre.fr\/wp-content\/uploads\/CR\/2025-07-03-delib.gif\"><\/a> <a title=\"Proc\u00e9s verbal s\u00e9ance du conseil municipal\" href=\"https:\/\/prades-sur-vernazobre.fr\/wp-content\/uploads\/CR\/2025-07-03.pdf\" target=\"_blank\" rel=\"noopener noreferrer\"><img decoding=\"async\" class=\"alignleft size-full wp-image-351\" src=\"https:\/\/prades-sur-vernazobre.fr\/wp-content\/uploads\/CR\/2025-07-03.gif\"><\/a> <a title=\"D\u00e9lib\u00e9rations s\u00e9ance du conseil municipal\" href=\"https:\/\/prades-sur-vernazobre.fr\/wp-content\/uploads\/CR\/2025-08-06-delib.pdf\" target=\"_blank\" rel=\"noopener noreferrer\"><img decoding=\"async\" class=\"alignleft size-full wp-image-351\" src=\"https:\/\/prades-sur-vernazobre.fr\/wp-content\/uploads\/CR\/2025-08-06-delib.gif\"><\/a> <a title=\"Proc\u00e9s verbal s\u00e9ance du conseil municipal\" href=\"https:\/\/prades-sur-vernazobre.fr\/wp-content\/uploads\/CR\/2025-08-06.pdf\" target=\"_blank\" rel=\"noopener noreferrer\"><img decoding=\"async\" class=\"alignleft size-full wp-image-351\" src=\"https:\/\/prades-sur-vernazobre.fr\/wp-content\/uploads\/CR\/2025-08-06.gif\"><\/a> <a title=\"D\u00e9lib\u00e9rations s\u00e9ance du conseil municipal\" href=\"https:\/\/prades-sur-vernazobre.fr\/wp-content\/uploads\/CR\/2025-10-29-delib.pdf\" target=\"_blank\" rel=\"noopener noreferrer\"><img decoding=\"async\" class=\"alignleft size-full wp-image-351\" src=\"https:\/\/prades-sur-vernazobre.fr\/wp-content\/uploads\/CR\/2025-10-29-delib.gif\"><\/a> <a title=\"Proc\u00e9s verbal s\u00e9ance du conseil municipal\" href=\"https:\/\/prades-sur-vernazobre.fr\/wp-content\/uploads\/CR\/2025-12-04.pdf\" target=\"_blank\" rel=\"noopener noreferrer\"><img decoding=\"async\" class=\"alignleft size-full wp-image-351\" src=\"https:\/\/prades-sur-vernazobre.fr\/wp-content\/uploads\/CR\/2025-12-04.gif\"><\/a><\/p>\n<p>&nbsp;<\/p>\n<p>&nbsp;<\/p>\n<p>&nbsp;<\/p>\n<p>&nbsp;<\/p>\n<p>&nbsp;<\/p>\n<p><strong><u>Proc\u00e8s verbaux s\u00e9ances du conseil municipal de l&rsquo;ann\u00e9e 2024<\/u><\/strong> :<\/p>\n<p><a title=\"D\u00e9lib\u00e9rations s\u00e9ance du conseil municipal\" href=\"https:\/\/prades-sur-vernazobre.fr\/wp-content\/uploads\/CR\/2024-02-01-delib.pdf\" target=\"_blank\" rel=\"noopener noreferrer\"><img decoding=\"async\" class=\"alignleft size-full wp-image-351\" src=\"https:\/\/prades-sur-vernazobre.fr\/wp-content\/uploads\/CR\/2024-02-01-delib.gif\"><\/a> <a title=\"Proc\u00e9s verbal s\u00e9ance du conseil municipal\" href=\"https:\/\/prades-sur-vernazobre.fr\/wp-content\/uploads\/2024\/02\/CM_2024_02_01.pdf\" target=\"_blank\" rel=\"noopener noreferrer\"><img decoding=\"async\" class=\"alignleft size-full wp-image-351\" src=\"https:\/\/prades-sur-vernazobre.fr\/wp-content\/uploads\/2024\/02\/CM_2024_02_01.gif\"><\/a><a title=\"D\u00e9lib\u00e9rations s\u00e9ance du conseil municipal\" href=\"https:\/\/prades-sur-vernazobre.fr\/wp-content\/uploads\/2024\/04\/delib_2024_04_11.pdf\" target=\"_blank\" rel=\"noopener noreferrer\"><img decoding=\"async\" class=\"alignleft size-full wp-image-351\" src=\"https:\/\/prades-sur-vernazobre.fr\/wp-content\/uploads\/2024\/04\/delib_2024_04_11.gif\"><\/a><a title=\"Proc\u00e9s verbal s\u00e9ance du conseil municipal\" href=\"https:\/\/prades-sur-vernazobre.fr\/wp-content\/uploads\/2024\/04\/CM_2024_04_11.pdf\" target=\"_blank\" rel=\"noopener noreferrer\"><img decoding=\"async\" class=\"alignleft size-full wp-image-351\" src=\"https:\/\/prades-sur-vernazobre.fr\/wp-content\/uploads\/2024\/04\/CM_2024_04_11.gif\"><\/a> <a title=\"D\u00e9lib\u00e9rations s\u00e9ance du conseil municipal\" href=\"https:\/\/prades-sur-vernazobre.fr\/wp-content\/uploads\/CR\/2024-05-30-delib.pdf\" target=\"_blank\" rel=\"noopener noreferrer\"><img decoding=\"async\" class=\"alignleft size-full wp-image-351\" src=\"https:\/\/prades-sur-vernazobre.fr\/wp-content\/uploads\/CR\/2024-05-30-delib.gif\"><\/a> <a title=\"Proc\u00e9s verbal s\u00e9ance du conseil municipal\" href=\"https:\/\/prades-sur-vernazobre.fr\/wp-content\/uploads\/CR\/2024-05-30.pdf\" target=\"_blank\" rel=\"noopener noreferrer\"><img decoding=\"async\" class=\"alignleft size-full wp-image-351\" src=\"https:\/\/prades-sur-vernazobre.fr\/wp-content\/uploads\/CR\/2024-05-30.gif\"><\/a> <a title=\"D\u00e9lib\u00e9rations s\u00e9ance du conseil municipal\" href=\"https:\/\/prades-sur-vernazobre.fr\/wp-content\/uploads\/CR\/2024-07-delib.pdf\" target=\"_blank\" rel=\"noopener noreferrer\"><img decoding=\"async\" class=\"alignleft size-full wp-image-351\" src=\"https:\/\/prades-sur-vernazobre.fr\/wp-content\/uploads\/CR\/2024-07-delib.gif\"><\/a> <a title=\"Proc\u00e9s verbal s\u00e9ance du conseil municipal\" href=\"https:\/\/prades-sur-vernazobre.fr\/wp-content\/uploads\/2024\/07\/CM_2024_07_25.pdf\" target=\"_blank\" rel=\"noopener noreferrer\"><img decoding=\"async\" class=\"alignleft size-full wp-image-351\" src=\"https:\/\/prades-sur-vernazobre.fr\/wp-content\/uploads\/2024\/07\/CM_2024_07_25.gif\"><\/a><a title=\"D\u00e9lib\u00e9rations s\u00e9ance du conseil municipal\" href=\"https:\/\/prades-sur-vernazobre.fr\/wp-content\/uploads\/2024\/10\/delib_2024_10_17.pdf\" target=\"_blank\" rel=\"noopener noreferrer\"><img decoding=\"async\" class=\"alignleft size-full wp-image-351\" src=\"https:\/\/prades-sur-vernazobre.fr\/wp-content\/uploads\/2024\/10\/delib_2024_10_17.gif\"><\/a> <a title=\"Proc\u00e9s verbal s\u00e9ance du conseil municipal\" href=\"https:\/\/prades-sur-vernazobre.fr\/wp-content\/uploads\/CR\/2024-10.pdf\" target=\"_blank\" rel=\"noopener noreferrer\"><img decoding=\"async\" class=\"alignleft size-full wp-image-351\" src=\"https:\/\/prades-sur-vernazobre.fr\/wp-content\/uploads\/CR\/2024-10.gif\"><\/a> <a title=\"D\u00e9lib\u00e9rations s\u00e9ance du conseil municipal\" href=\"https:\/\/prades-sur-vernazobre.fr\/wp-content\/uploads\/CR\/2024-12-12-delib.pdf\" target=\"_blank\" rel=\"noopener noreferrer\"><img decoding=\"async\" class=\"alignleft size-full wp-image-351\" src=\"https:\/\/prades-sur-vernazobre.fr\/wp-content\/uploads\/CR\/2024-12-12-delib.gif\"><\/a> <a title=\"Proc\u00e9s verbal s\u00e9ance du conseil municipal\" href=\"https:\/\/prades-sur-vernazobre.fr\/wp-content\/uploads\/CR\/2024-12.pdf\" target=\"_blank\" rel=\"noopener noreferrer\"><img decoding=\"async\" class=\"alignleft size-full wp-image-351\" src=\"https:\/\/prades-sur-vernazobre.fr\/wp-content\/uploads\/CR\/2024-12.gif\"><\/a><\/p>\n<p>&nbsp;<\/p>\n<p>&nbsp;<\/p>\n<p>&nbsp;<\/p>\n<p>&nbsp;<\/p>\n<p><strong><u>Proc\u00e8s verbaux s\u00e9ances du conseil municipal de l&rsquo;ann\u00e9e 2023<\/u><\/strong> :<\/p>\n<p><a title=\"D\u00e9lib\u00e9rations s\u00e9ance du conseil municipal\" href=\"https:\/\/prades-sur-vernazobre.fr\/wp-content\/uploads\/CR\/2023-02-09-delib.pdf\" target=\"_blank\" rel=\"noopener noreferrer\"><img decoding=\"async\" class=\"alignleft size-full wp-image-351\" src=\"https:\/\/prades-sur-vernazobre.fr\/wp-content\/uploads\/CR\/2023-02-09-delib.gif\"><\/a> <a title=\"Proc\u00e9s verbal s\u00e9ance du conseil municipal\" href=\"https:\/\/prades-sur-vernazobre.fr\/wp-content\/uploads\/2023\/02\/pv_2023_02_09.pdf\" target=\"_blank\" rel=\"noopener noreferrer\"><img decoding=\"async\" class=\"alignleft size-full wp-image-351\" src=\"https:\/\/prades-sur-vernazobre.fr\/wp-content\/uploads\/2023\/02\/pv_2023_02_09.gif\"><\/a> <a title=\"D\u00e9lib\u00e9rations s\u00e9ance du conseil municipal\" href=\"https:\/\/prades-sur-vernazobre.fr\/wp-content\/uploads\/CR\/2023-04-13-delib.pdf\" target=\"_blank\" rel=\"noopener noreferrer\"><img decoding=\"async\" class=\"alignleft size-full wp-image-351\" src=\"https:\/\/prades-sur-vernazobre.fr\/wp-content\/uploads\/CR\/2023-04-13-delib.gif\"><\/a> <a title=\"Proc\u00e9s verbal s\u00e9ance du conseil municipal\" href=\"https:\/\/prades-sur-vernazobre.fr\/wp-content\/uploads\/2023\/04\/pv_2023_04_13.pdf\" target=\"_blank\" rel=\"noopener noreferrer\"><img decoding=\"async\" class=\"alignleft size-full wp-image-351\" src=\"https:\/\/prades-sur-vernazobre.fr\/wp-content\/uploads\/2023\/04\/pv_2023_04_13.gif\"><\/a><a title=\"Proc\u00e9s verbal s\u00e9ance du conseil municipal\" href=\"https:\/\/prades-sur-vernazobre.fr\/wp-content\/uploads\/CR\/2023-07-delib.pdf\" target=\"_blank\" rel=\"noopener noreferrer\"><img decoding=\"async\" class=\"alignleft size-full wp-image-351\" src=\"https:\/\/prades-sur-vernazobre.fr\/wp-content\/uploads\/CR\/2023-07-delib.gif\"><\/a><a title=\"Proc\u00e9s verbal s\u00e9ance du conseil municipal\" href=\"https:\/\/prades-sur-vernazobre.fr\/wp-content\/uploads\/2023\/07\/CM_2023_07_06.pdf\" target=\"_blank\" rel=\"noopener noreferrer\"><img decoding=\"async\" class=\"alignleft size-full wp-image-351\" src=\"https:\/\/prades-sur-vernazobre.fr\/wp-content\/uploads\/2023\/07\/CM_2023_07_06.gif\"><\/a><a title=\"Liste des d\u00e9lib\u00e9rations de s\u00e9ance\" href=\"https:\/\/prades-sur-vernazobre.fr\/wp-content\/uploads\/2023\/11\/delib_2023_11_30.pdf\" target=\"_blank\" rel=\"noopener noreferrer\"><img decoding=\"async\" class=\"alignleft size-full wp-image-351\" src=\"https:\/\/prades-sur-vernazobre.fr\/wp-content\/uploads\/2023\/11\/delib_2023_11_30.gif\"><\/a><a title=\"Proc\u00e9s verbal s\u00e9ance du conseil municipal\" href=\"https:\/\/prades-sur-vernazobre.fr\/wp-content\/uploads\/2023\/11\/CM_2023_11_30.pdf\" target=\"_blank\" rel=\"noopener noreferrer\"><img decoding=\"async\" class=\"alignleft size-full wp-image-351\" src=\"https:\/\/prades-sur-vernazobre.fr\/wp-content\/uploads\/2023\/11\/CM_2023_11_30.gif\"><\/a><\/p>\n<p>&nbsp;<\/p>\n<p>&nbsp;<\/p>\n<p>&nbsp;<\/p>\n<p><strong><u>Archives s\u00e9ances du conseil municipal des ann\u00e9es pr\u00e9c\u00e9dentes<\/u><\/strong> :<\/p>\n<p><a title=\"Comptes rendus des s\u00e9ances du conseil municipal 2014\" href=\"https:\/\/prades-sur-vernazobre.fr\/?page_id=923\" target=\"_blank\" rel=\"noopener noreferrer\"><img decoding=\"async\" class=\"alignleft size-full wp-image-351\" src=\"https:\/\/prades-sur-vernazobre.fr\/wp-content\/uploads\/seances2014.gif\"><\/a><a title=\"Comptes rendus des s\u00e9ances du conseil municipal 2015\" href=\"https:\/\/prades-sur-vernazobre.fr\/?page_id=930\" target=\"_blank\" rel=\"noopener noreferrer\"><img decoding=\"async\" class=\"alignleft size-full wp-image-351\" src=\"https:\/\/prades-sur-vernazobre.fr\/wp-content\/uploads\/seances2015.gif\"><\/a><a title=\"Comptes rendus des s\u00e9ances du conseil municipal 2016\" href=\"https:\/\/prades-sur-vernazobre.fr\/?page_id=933\" target=\"_blank\" rel=\"noopener noreferrer\"><img decoding=\"async\" class=\"alignleft size-full wp-image-351\" src=\"https:\/\/prades-sur-vernazobre.fr\/wp-content\/uploads\/seances2016.gif\"><\/a><a title=\"Comptes rendus des s\u00e9ances du conseil municipal 2017\" href=\"https:\/\/prades-sur-vernazobre.fr\/?page_id=936\" target=\"_blank\" rel=\"noopener noreferrer\"><img decoding=\"async\" class=\"alignleft size-full wp-image-351\" src=\"https:\/\/prades-sur-vernazobre.fr\/wp-content\/uploads\/seances2017.gif\"><\/a><a title=\"Comptes rendus des s\u00e9ances du conseil municipal 2018\" href=\"https:\/\/prades-sur-vernazobre.fr\/?page_id=938\" target=\"_blank\" rel=\"noopener noreferrer\"><img decoding=\"async\" class=\"alignleft size-full wp-image-351\" src=\"https:\/\/prades-sur-vernazobre.fr\/wp-content\/uploads\/seances2018.gif\"><\/a><a title=\"Comptes rendus des s\u00e9ances du conseil municipal 2019\" href=\"https:\/\/prades-sur-vernazobre.fr\/?page_id=1002\" target=\"_blank\" rel=\"noopener noreferrer\"><img decoding=\"async\" class=\"alignleft size-full wp-image-351\" src=\"https:\/\/prades-sur-vernazobre.fr\/wp-content\/uploads\/seances2019.gif\"><\/a><br><a title=\"Comptes rendus des s\u00e9ances du conseil municipal 2020\" href=\"https:\/\/prades-sur-vernazobre.fr\/?page_id=1218\" target=\"_blank\" rel=\"noopener noreferrer\"><img decoding=\"async\" class=\"alignleft size-full wp-image-351\" src=\"https:\/\/prades-sur-vernazobre.fr\/wp-content\/uploads\/seances2020.gif\"><\/a><a title=\"Comptes rendus des s\u00e9ances du conseil municipal 2021\" href=\"https:\/\/prades-sur-vernazobre.fr\/?page_id=1281\" target=\"_blank\" rel=\"noopener noreferrer\"><img decoding=\"async\" class=\"alignleft size-full wp-image-351\" src=\"https:\/\/prades-sur-vernazobre.fr\/wp-content\/uploads\/seances2021.gif\"><\/a><\/p>\n<p><a title=\"S\u00e9ances du conseil municipal 2022\" href=\"http:\/\/prades-sur-vernazobre.fr\/?page_id=1361\" target=\"_blank\" rel=\"noopener noreferrer\"><img decoding=\"async\" class=\"alignleft size-full wp-image-351\" src=\"https:\/\/prades-sur-vernazobre.fr\/wp-content\/uploads\/seances2022.gif\"><\/a><\/p>\n\n\n<p><\/p>\n","protected":false},"excerpt":{"rendered":"<p>Proc\u00e8s verbaux s\u00e9ances du conseil municipal de l&rsquo;ann\u00e9e 2026 : &nbsp; &nbsp; &nbsp; Proc\u00e8s verbaux s\u00e9ances du conseil municipal de l&rsquo;ann\u00e9e 2025 : &nbsp; &nbsp; &nbsp; &nbsp; &nbsp; Proc\u00e8s verbaux s\u00e9ances du conseil municipal de l&rsquo;ann\u00e9e 2024 : &nbsp; &nbsp; &nbsp; &nbsp; Proc\u00e8s verbaux s\u00e9ances du conseil municipal de l&rsquo;ann\u00e9e 2023 : &nbsp; &nbsp; &nbsp; [&hellip;]<\/p>\n","protected":false},"author":1,"featured_media":0,"parent":0,"menu_order":0,"comment_status":"closed","ping_status":"closed","template":"","meta":[],"_links":{"self":[{"href":"http:\/\/prades-sur-vernazobre.fr\/index.php?rest_route=\/wp\/v2\/pages\/960"}],"collection":[{"href":"http:\/\/prades-sur-vernazobre.fr\/index.php?rest_route=\/wp\/v2\/pages"}],"about":[{"href":"http:\/\/prades-sur-vernazobre.fr\/index.php?rest_route=\/wp\/v2\/types\/page"}],"author":[{"embeddable":true,"href":"http:\/\/prades-sur-vernazobre.fr\/index.php?rest_route=\/wp\/v2\/users\/1"}],"replies":[{"embeddable":true,"href":"http:\/\/prades-sur-vernazobre.fr\/index.php?rest_route=%2Fwp%2Fv2%2Fcomments&post=960"}],"version-history":[{"count":87,"href":"http:\/\/prades-sur-vernazobre.fr\/index.php?rest_route=\/wp\/v2\/pages\/960\/revisions"}],"predecessor-version":[{"id":1654,"href":"http:\/\/prades-sur-vernazobre.fr\/index.php?rest_route=\/wp\/v2\/pages\/960\/revisions\/1654"}],"wp:attachment":[{"href":"http:\/\/prades-sur-vernazobre.fr\/index.php?rest_route=%2Fwp%2Fv2%2Fmedia&parent=960"}],"curies":[{"name":"wp","href":"https:\/\/api.w.org\/{rel}","templated":true}]}}