{"id":218,"date":"2014-09-07T14:13:32","date_gmt":"2014-09-07T13:13:32","guid":{"rendered":"http:\/\/comatweb34.com\/prades-sur-vernazobre.eu\/?page_id=218"},"modified":"2024-06-18T13:01:57","modified_gmt":"2024-06-18T12:01:57","slug":"infos-pratiques","status":"publish","type":"page","link":"https:\/\/prades-sur-vernazobre.fr\/?page_id=218","title":{"rendered":"Infos pratiques"},"content":{"rendered":"<p>Bienvenue<br \/>\nVous trouverez dans cette rubrique toutes les informations n\u00e9cessaires pour faciliter vos d\u00e9marches, conna\u00eetre les rendez-vous \u00e0 venir &#8230;<br \/>\nA l&rsquo;aide du site officiel de l&rsquo;administration fran\u00e7aise, vous avez acc\u00e8s \u00e0 la plupart des documents administratifs souhait\u00e9s : <a href=\"http:\/\/service-public.fr\" target=\"_blank\" rel=\"noopener noreferrer\">http:\/\/service-public.fr<\/a><br \/>\n<span style=\"font-size: small;\">La plupart des documents \u00e9tant au format PDF, il est n\u00e9cessaire d&rsquo;installer le logiciel \u00ab\u00a0Acrobat Reader\u00a0\u00bb pour les lire sans difficult\u00e9. (<a href=\"https:\/\/prades-sur-vernazobre.fr\/wp-content\/uploads\/adobe_reader.exe\" target=\"_blank\" rel=\"noopener noreferrer\">logiciel \u00e0 t\u00e9l\u00e9charger ici<\/a>)<br \/>\n<\/span><br \/>\n<strong>=&gt; <u>Pour contacter la mairie<\/u><\/strong> :<br \/>\nE-mail : <a href=\"mailto:mairie@prades34360.fr\">mairie@prades34360.fr<\/a><br \/>\nT\u00e9l\u00e9phone : 04-67-38-04-83<br \/>\nAdresse : La mairie &#8211; Place de la mairie &#8211; 34360 PRADES SUR VERNAZOBRE<br \/>\nLe secr\u00e9tariat de mairie est ouvert au public du mardi au vendredi de 9h00 \u00e0 11h45<br \/>\nLe multi-services et l\u2019agence postale communale sont ouverts aux public du lundi au samedi de 9h00 \u00e0 12h00<br \/>\nLe multi-services propose aux administr\u00e9s de commander le pain, la charcuterie ou la boucherie.<\/p>\n<hr \/>\n<p><img decoding=\"async\" loading=\"lazy\" class=\"aligncenter size-medium wp-image-986\" src=\"https:\/\/prades-sur-vernazobre.fr\/wp-content\/uploads\/2014\/09\/Carte-Grise-1-300x125.gif\" alt=\"\" width=\"300\" height=\"125\" \/>La pr\u00e9fecture ne recevant plus aucune demande li\u00e9e \u00e0 la carte grise &#8211; d\u00e9sormais appel\u00e9e certificat d\u2019immatriculation &#8211; il convient aux demandeurs de se rendre sur le site internet officiel <a href=\"https:\/\/immatriculation.ants.gouv.fr\" target=\"_blank\" rel=\"noopener noreferrer\">https:\/\/immatriculation.ants.gouv.fr<\/a> ou chez un <a href=\"https:\/\/www.vroomly.com\/\" target=\"_blank\" rel=\"noopener noreferrer\">garagiste agr\u00e9\u00e9<\/a> par la pr\u00e9fecture au Syst\u00e8me d\u2019Immatriculation des V\u00e9hicules.<\/p>\n<hr \/>\n<p><img decoding=\"async\" class=\"aligncenter wp-image-897 size-full\" src=\"https:\/\/prades-sur-vernazobre.fr\/wp-content\/uploads\/2019\/12\/vigipirate.gif\" alt=\"\" \/><\/p>\n<hr \/>\n<p><a href=\"https:\/\/prades-sur-vernazobre.fr\/wp-content\/uploads\/2019\/10\/notice_generale_autorisation_urba.pdf\" target=\"_blank\" rel=\"noopener noreferrer\"><img decoding=\"async\" loading=\"lazy\" width=\"303\" height=\"50\" class=\"aligncenter wp-image-897 size-full\" src=\"https:\/\/prades-sur-vernazobre.fr\/wp-content\/uploads\/2019\/10\/CAUE.gif\" alt=\"\" \/><\/a><\/p>\n<hr \/>\n<p><strong>=&gt; <u>Fraude \u00e0 la carte bancaire ? Effectuez le signalement sur internet !<\/u><\/strong><br \/>\n<a href=\"https:\/\/www.service-public.fr\/particuliers\/vosdroits\/R46526\" target=\"_blank\" rel=\"noopener noreferrer\"><img decoding=\"async\" class=\"alignleft wp-image-602 size-full\" src=\"https:\/\/prades-sur-vernazobre.fr\/wp-content\/uploads\/2018\/12\/article_fraude_cb.gif\" alt=\"\" \/><\/a><\/p>\n<hr \/>\n<p><img decoding=\"async\" loading=\"lazy\" class=\"aligncenter wp-image-902 size-full\" src=\"https:\/\/prades-sur-vernazobre.fr\/wp-content\/uploads\/2014\/09\/Article-VoxUsagers.png\" alt=\"\" width=\"800\" height=\"307\" srcset=\"https:\/\/prades-sur-vernazobre.fr\/wp-content\/uploads\/2014\/09\/Article-VoxUsagers.png 800w, https:\/\/prades-sur-vernazobre.fr\/wp-content\/uploads\/2014\/09\/Article-VoxUsagers-300x115.png 300w, https:\/\/prades-sur-vernazobre.fr\/wp-content\/uploads\/2014\/09\/Article-VoxUsagers-768x295.png 768w\" sizes=\"(max-width: 800px) 100vw, 800px\" \/><\/p>\n","protected":false},"excerpt":{"rendered":"<p>Bienvenue Vous trouverez dans cette rubrique toutes les informations n\u00e9cessaires pour faciliter vos d\u00e9marches, conna\u00eetre les rendez-vous \u00e0 venir &#8230; A l&rsquo;aide du site officiel de l&rsquo;administration fran\u00e7aise, vous avez acc\u00e8s \u00e0 la plupart des documents administratifs souhait\u00e9s : http:\/\/service-public.fr La plupart des documents \u00e9tant au format PDF, il est n\u00e9cessaire d&rsquo;installer le logiciel \u00ab\u00a0Acrobat [&hellip;]<\/p>\n","protected":false},"author":1,"featured_media":0,"parent":0,"menu_order":0,"comment_status":"closed","ping_status":"closed","template":"","meta":[],"_links":{"self":[{"href":"https:\/\/prades-sur-vernazobre.fr\/index.php?rest_route=\/wp\/v2\/pages\/218"}],"collection":[{"href":"https:\/\/prades-sur-vernazobre.fr\/index.php?rest_route=\/wp\/v2\/pages"}],"about":[{"href":"https:\/\/prades-sur-vernazobre.fr\/index.php?rest_route=\/wp\/v2\/types\/page"}],"author":[{"embeddable":true,"href":"https:\/\/prades-sur-vernazobre.fr\/index.php?rest_route=\/wp\/v2\/users\/1"}],"replies":[{"embeddable":true,"href":"https:\/\/prades-sur-vernazobre.fr\/index.php?rest_route=%2Fwp%2Fv2%2Fcomments&post=218"}],"version-history":[{"count":227,"href":"https:\/\/prades-sur-vernazobre.fr\/index.php?rest_route=\/wp\/v2\/pages\/218\/revisions"}],"predecessor-version":[{"id":1533,"href":"https:\/\/prades-sur-vernazobre.fr\/index.php?rest_route=\/wp\/v2\/pages\/218\/revisions\/1533"}],"wp:attachment":[{"href":"https:\/\/prades-sur-vernazobre.fr\/index.php?rest_route=%2Fwp%2Fv2%2Fmedia&parent=218"}],"curies":[{"name":"wp","href":"https:\/\/api.w.org\/{rel}","templated":true}]}}