{"id":48,"date":"2014-03-23T14:37:14","date_gmt":"2014-03-23T13:37:14","guid":{"rendered":"http:\/\/comatweb34.com\/prades-sur-vernazobre.eu\/?page_id=48"},"modified":"2026-03-25T11:28:11","modified_gmt":"2026-03-25T10:28:11","slug":"activites-economiques","status":"publish","type":"page","link":"https:\/\/prades-sur-vernazobre.fr\/?page_id=48","title":{"rendered":"Activit\u00e9s \u00e9conomiques"},"content":{"rendered":"<p><strong>L\u2019\u00c9PICERIE RURALE<\/strong><\/p>\n<p>Cr\u00e9\u00e9e en 2006 cette \u00e9picerie rurale est utile \u00e0 toute la population, notamment aux personnes \u00e2g\u00e9es et assure tous les jours (sauf dimanche) un multi-services aux villageois, particuli\u00e8rement par son d\u00e9p\u00f4t de pain journalier et est devenue au fil des mois&nbsp; un lieu convivial de rencontre des habitants.<br \/>\nJOURS et HORAIRES D&rsquo;OUVERTURE : du lundi au samedi de 09h00 \u00e0 12h00.<\/p>\n<p>Les administr\u00e9s ont la possibilit\u00e9 de commander pain, charcuterie ou boucherie directement \u00e0 l&rsquo;\u00e9picerie.<\/p>\n<p><strong>L&rsquo;AGENCE POSTALE COMMUNALE<\/strong><\/p>\n<p>La poste existe \u00e0 Prades\/Vernazobre depuis 1951 et vu l\u2019\u00e9volution de l\u2019enseigne, LA POSTE a \u00e9t\u00e9 transform\u00e9e en 2006 en AGENCE POSTALE COMMUNALE par le conseil municipal, toujours soucieux de conserver les structures existantes. Vous pouvez (gr\u00e2ce aux nouvelles technologies, notamment num\u00e9riques) faire toutes les op\u00e9rations habituelles (achat de timbre-poste, d\u00e9p\u00f4t ou remise de courrier, d\u00e9p\u00f4ts ou retraits d\u2019esp\u00e8ces dans la limite autoris\u00e9e aux APC).<br \/>\nJOURS et HORAIRES D&rsquo;OUVERTURE : du lundi au samedi de 09h00 \u00e0 12h00<\/p>\n<p><strong>LA VITICULTURE<\/strong><\/p>\n<p>Durant les si\u00e8cles derniers l\u2019activit\u00e9 principale \u00e9tait le pastoralisme (moutons, ch\u00e8vres)et surtout la culture de l\u2019olivier.<br \/>\nLa vigne pr\u00e9sente d\u00e8s l\u2019antiquit\u00e9, s\u2019est d\u00e9velopp\u00e9e au treizi\u00e8me si\u00e8cle et a pris un essor important durant le si\u00e8cle dernier. Sur les 2000 ha de la commune, la vigne en occupe plus de 224 aujourd\u2019hui.<br \/>\nPrades sur Vernazobre est en zone A.O.C. Saint-Chinian, 4 caves particuli\u00e8res ont leur exploitation sur la commune. Ils vous y accueilleront pour d\u00e9guster leurs meilleurs crus.<\/p>\n<table border=\"1\" width=\"100%\">\n<tbody>\n<tr align=\"center\" bgcolor=\"#CCCCCC\">\n<td><strong><span style=\"color: #000000;\">DOMAINE<\/span><\/strong><\/td>\n<td>&nbsp;<\/td>\n<td><strong><span style=\"color: #000000;\">CONTACT<\/span><\/strong><\/td>\n<td>&nbsp;<\/td>\n<\/tr>\n<tr align=\"center\">\n<td>Domaine La Maurerie<\/td>\n<td>Michel et Maria Depaule<\/td>\n<td>04.67.38.22.09<\/td>\n<td><a href=\"http:\/\/www.maurerie.com\" target=\"_blank\" rel=\"noopener noreferrer\">www.maurerie.com<\/a><\/td>\n<\/tr>\n<tr>\n<td colspan=\"4\">\n<hr>\n<\/td>\n<\/tr>\n<tr align=\"center\">\n<td>Domaine des Tourterelles<\/td>\n<td>Roseline et Jean Claude Petit<\/td>\n<td>04.67.38.07.18<\/td>\n<td><a href=\"http:\/\/www.domaine-des-tourterelles.fr\" target=\"_blank\" rel=\"noopener noreferrer\">www.domaine-des-tourterelles.fr<\/a><\/td>\n<\/tr>\n<tr>\n<td colspan=\"4\">\n<hr>\n<\/td>\n<\/tr>\n<tr align=\"center\">\n<td>Domaine des Jougla<\/td>\n<td>Alain et Jocelyne Jougla<\/td>\n<td>04.67.38.06.02<\/td>\n<td><a href=\"http:\/\/www.domainedesjougla.com\" target=\"_blank\" rel=\"noopener noreferrer\">www.domainedesjougla.com<\/a><\/td>\n<\/tr>\n<tr>\n<td colspan=\"4\">\n<hr>\n<\/td>\n<\/tr>\n<tr align=\"center\">\n<td>Domaine Grasset-Rives<\/td>\n<td>Vincent Grasset<\/td>\n<td colspan=\"2\">04.67.38.10.14<\/td>\n<\/tr>\n<tr>\n<td colspan=\"4\">\n<hr>\n<\/td>\n<\/tr>\n<\/tbody>\n<\/table>\n<p>Les autres viticulteurs sont adh\u00e9rents \u00e0 la cave coop\u00e9rative de Saint-Chinian.<br \/>\nQuelques viticulteurs (\u00e9tant donn\u00e9 la crise viticole) se sont lanc\u00e9s il y a quelques ann\u00e9es dans les cultures fruiti\u00e8res (kiwis, cerises) et c\u00e9r\u00e9ali\u00e8res.<\/p>\n<p>Des artisans ont fait le choix d\u2019installer leurs entreprises \u00e0 Prades\/Vernazobre ces derni\u00e8res ann\u00e9es<\/p>\n<table border=\"1\" width=\"100%\">\n<tbody>\n<tr align=\"center\" bgcolor=\"#CCCCCC\">\n<td><strong><span style=\"color: #000000;\">ACTIVIT\u00c9<\/span><\/strong><\/td>\n<td><strong><span style=\"color: #000000;\">NOM DE L&rsquo;ENTREPRISE<\/span><\/strong><\/td>\n<td><strong><span style=\"color: #000000;\">CONTACT<\/span><\/strong><\/td>\n<\/tr>\n<tr align=\"center\">\n<td>COMM&rsquo;TOGETHER<br \/>\nCAVROIS No\u00e9mie<\/td>\n<td>SOUTIEN A LA GESTION D&rsquo;ENTREPRISE<\/td>\n<td>06.11.49.56.04<\/td>\n<\/tr>\n<tr>\n<td colspan=\"3\">\n<hr>\n<\/td>\n<\/tr>\n<tr align=\"center\">\n<td align=\"center\">CODOU Multi-services<br \/>\nCODOU Harold<\/td>\n<td>\u00c9LECTRICIT\u00c9 G\u00c9N\u00c9RALE &#8211; AUTOMATISME &#8211; CHAUFFAGE &#8211; PLOMBERIE<br \/>\nISOLATION &#8211; AM\u00c9NAGEMENT INT\u00c9RIEUR \/ EXT\u00c9RIEUR<br \/>\nM\u00c9TALLERIE &#8211; PEINTURE &#8211; NETTOYAGE<\/td>\n<td>06.50.46.46.46<br \/>\ncodou.multiservices@orange.fr<\/td>\n<\/tr>\n<tr>\n<td colspan=\"3\">\n<hr>\n<\/td>\n<\/tr>\n<tr align=\"center\">\n<td>Com@web<br \/>\nMAGE Yoan<\/td>\n<td>INFORMATIQUE<br \/>\nWEBMASTER, D\u00c9PANNAGE &#8230;<\/td>\n<td>07.61.58.67.41<br \/>\ncomatweb34@gmail.com<\/td>\n<\/tr>\n<tr>\n<td colspan=\"3\">\n<hr>\n<\/td>\n<\/tr>\n<tr>\n<td colspan=\"3\">\n<hr>\n<\/td>\n<\/tr>\n<tr align=\"center\">\n<td>EURL Sainte Anna<br \/>\nPOUX Patrice<\/td>\n<td>TRAVAUX AGRICOLES<\/td>\n<td>06.61.68.54.06<\/td>\n<\/tr>\n<tr>\n<td colspan=\"3\">\n<hr>\n<\/td>\n<\/tr>\n<tr align=\"center\">\n<td>INTERVENTION<br \/>\nNUISIBLES<br \/>\nDAVI Franck<\/td>\n<td>DESINSECTISATION<br \/>\n(nid de gu\u00eapes, nid de frelons, repitiles, chenilles processionnaires)<\/td>\n<td>06.72.74.52.48<br \/>\nintervention.nuisibles@hotmail.com<\/td>\n<\/tr>\n<tr>\n<td colspan=\"3\">\n<hr>\n<\/td>\n<\/tr>\n<tr align=\"center\">\n<td>JEUX DES VIGNES<br \/>\nTARECO Caroline<\/td>\n<td>ANIMATION &#8211; \u00c9V\u00c9NEMENTS<br \/>\nJEUX DE SOCI\u00c9T\u00c9<\/td>\n<td><a href=\"https:\/\/www.facebook.com\/jeuxdesvignes34\" target=\"_blank\" rel=\"noopener noreferrer\">Facebook<\/a><br \/>\n<a href=\"https:\/\/www.instagram.com\/jeuxdesvignes\/\" target=\"_blank\" rel=\"noopener noreferrer\">Instagram<\/a><\/td>\n<\/tr>\n<tr>\n<td colspan=\"3\">\n<hr>\n<\/td>\n<\/tr>\n<tr align=\"center\">\n<td>LOUBES Entreprise<\/td>\n<td>TRAVAUX PUBLICS<\/td>\n<td>04.67.89.33.97<\/td>\n<\/tr>\n<tr>\n<td colspan=\"3\">\n<hr>\n<\/td>\n<\/tr>\n<tr align=\"center\">\n<td>MBC Services 34<br \/>\nCOSTES Guillaume<\/td>\n<td>AM\u00c9NAGEMENT PAYSAGER \/ ENTRETIEN ESPACES VERTS<\/td>\n<td>06.76.60.98.12<\/td>\n<\/tr>\n<tr>\n<td colspan=\"3\">\n<hr>\n<\/td>\n<\/tr>\n<tr align=\"center\">\n<td>NOVASOL Vacation Rental SARL<br \/>\nMOERLAND Andr\u00e9<\/td>\n<td>LOCATION DE MAISON DE VACANCES<\/td>\n<td>9 route de Saint-Chinian<br \/>\n04.69.96.64.46<br \/>\n<a href=\"https:\/\/novasol-vacances.fr\" target=\"_blank\" rel=\"noopener noreferrer\">www.novasol-vacances.fr<\/a><\/td>\n<\/tr>\n<tr>\n<td colspan=\"3\">\n<hr>\n<\/td>\n<\/tr>\n<tr align=\"center\">\n<td>RH &#8211; PAIE EN CONFIANCE<br \/>\nTARECO Jos\u00e9<\/td>\n<td>RECRUTEMENT ET MISE EN RELATION FREELANCE RH ET PAIE<\/td>\n<td>06.64.98.60.15<br \/>\n<a href=\"https:\/\/rhpaieenconfiance.fr\/\" target=\"_blank\" rel=\"noopener noreferrer\">https:\/\/rhpaieenconfiance.fr\/<\/a><\/td>\n<\/tr>\n<tr>\n<td colspan=\"3\">\n<hr>\n<\/td>\n<\/tr>\n<tr align=\"center\">\n<td>RIDERS GARAGE<br \/>\nLEROUX Antoine<\/td>\n<td>ATELIER R\u00c9PARATIONS MOTOS ET QUADS<\/td>\n<td>06.23.40.24.26<br \/>\nantoine@ridersgarage.fr<br \/>\n<a href=\"https:\/\/ridersgarage.fr\/\" target=\"_blank\" rel=\"noopener noreferrer\">www.ridersgarage.fr<\/a><\/td>\n<\/tr>\n<tr>\n<td colspan=\"3\">\n<hr>\n<\/td>\n<\/tr>\n<tr align=\"center\">\n<td>S.C Chauffage<\/td>\n<td>PLOMBERIE<\/td>\n<td>04.67.38.11.01<\/td>\n<\/tr>\n<tr>\n<td colspan=\"3\">\n<hr>\n<\/td>\n<\/tr>\n<tr align=\"center\">\n<td>S.O.PLOMBERIE<br \/>\nSOPENA Mickael<\/td>\n<td>PLOMBERIE<\/td>\n<td>06.65.46.14.24<\/td>\n<\/tr>\n<tr>\n<td colspan=\"3\">\n<hr>\n<\/td>\n<\/tr>\n<tr align=\"center\">\n<td>VINEBIKE<\/td>\n<td>BALADE EN V\u00c9LO<br \/>\nA ASSISTANCE \u00c9LECTRIQUE<\/td>\n<td>06.66.28.70.81<br \/>\ncontact@vinebike.fr<br \/>\n<a href=\"https:\/\/vinebike.fr\/\" target=\"_blank\" rel=\"noopener noreferrer\">vinebike.fr<\/a><\/td>\n<\/tr>\n<tr>\n<td colspan=\"3\">\n<hr>\n<\/td>\n<\/tr>\n<\/tbody>\n<\/table>\n","protected":false},"excerpt":{"rendered":"<p>L\u2019\u00c9PICERIE RURALE Cr\u00e9\u00e9e en 2006 cette \u00e9picerie rurale est utile \u00e0 toute la population, notamment aux personnes \u00e2g\u00e9es et assure tous les jours (sauf dimanche) un multi-services aux villageois, particuli\u00e8rement par son d\u00e9p\u00f4t de pain journalier et est devenue au fil des mois&nbsp; un lieu convivial de rencontre des habitants. JOURS et HORAIRES D&rsquo;OUVERTURE : [&hellip;]<\/p>\n","protected":false},"author":1,"featured_media":0,"parent":0,"menu_order":4,"comment_status":"closed","ping_status":"closed","template":"","meta":[],"_links":{"self":[{"href":"https:\/\/prades-sur-vernazobre.fr\/index.php?rest_route=\/wp\/v2\/pages\/48"}],"collection":[{"href":"https:\/\/prades-sur-vernazobre.fr\/index.php?rest_route=\/wp\/v2\/pages"}],"about":[{"href":"https:\/\/prades-sur-vernazobre.fr\/index.php?rest_route=\/wp\/v2\/types\/page"}],"author":[{"embeddable":true,"href":"https:\/\/prades-sur-vernazobre.fr\/index.php?rest_route=\/wp\/v2\/users\/1"}],"replies":[{"embeddable":true,"href":"https:\/\/prades-sur-vernazobre.fr\/index.php?rest_route=%2Fwp%2Fv2%2Fcomments&post=48"}],"version-history":[{"count":83,"href":"https:\/\/prades-sur-vernazobre.fr\/index.php?rest_route=\/wp\/v2\/pages\/48\/revisions"}],"predecessor-version":[{"id":1671,"href":"https:\/\/prades-sur-vernazobre.fr\/index.php?rest_route=\/wp\/v2\/pages\/48\/revisions\/1671"}],"wp:attachment":[{"href":"https:\/\/prades-sur-vernazobre.fr\/index.php?rest_route=%2Fwp%2Fv2%2Fmedia&parent=48"}],"curies":[{"name":"wp","href":"https:\/\/api.w.org\/{rel}","templated":true}]}}